{"version":"1.0","provider_name":"Wolf Group Lithuania","provider_url":"https:\/\/wolfgroup.rktv.ee\/lt","author_name":"Reaktiiv","author_url":"https:\/\/wolfgroup.rktv.ee\/lt\/author\/reaktiiv\/","title":"\u0160i\u0173 met\u0173 metin\u0117 konferencija vyko virtualiai ir buvo didesn\u0117 nei bet kada anks\u010diau - Wolf Group Lithuania","type":"rich","width":600,"height":338,"html":"<blockquote class=\"wp-embedded-content\" data-secret=\"pK0FeNiAOz\"><a href=\"https:\/\/wolfgroup.rktv.ee\/lt\/2020\/12\/07\/virtuali-metine-konferencija\/\">\u0160i\u0173 met\u0173 metin\u0117 konferencija vyko virtualiai ir buvo didesn\u0117 nei bet kada anks\u010diau<\/a><\/blockquote><iframe sandbox=\"allow-scripts\" security=\"restricted\" src=\"https:\/\/wolfgroup.rktv.ee\/lt\/2020\/12\/07\/virtuali-metine-konferencija\/embed\/#?secret=pK0FeNiAOz\" width=\"600\" height=\"338\" title=\"&#8220;\u0160i\u0173 met\u0173 metin\u0117 konferencija vyko virtualiai ir buvo didesn\u0117 nei bet kada anks\u010diau&#8221; &#8212; Wolf Group Lithuania\" data-secret=\"pK0FeNiAOz\" frameborder=\"0\" marginwidth=\"0\" marginheight=\"0\" scrolling=\"no\" class=\"wp-embedded-content\"><\/iframe><script type=\"text\/javascript\">\n\/* <![CDATA[ *\/\n\/*! This file is auto-generated *\/\n!function(d,l){\"use strict\";l.querySelector&&d.addEventListener&&\"undefined\"!=typeof URL&&(d.wp=d.wp||{},d.wp.receiveEmbedMessage||(d.wp.receiveEmbedMessage=function(e){var t=e.data;if((t||t.secret||t.message||t.value)&&!\/[^a-zA-Z0-9]\/.test(t.secret)){for(var s,r,n,a=l.querySelectorAll('iframe[data-secret=\"'+t.secret+'\"]'),o=l.querySelectorAll('blockquote[data-secret=\"'+t.secret+'\"]'),c=new RegExp(\"^https?:$\",\"i\"),i=0;i<o.length;i++)o[i].style.display=\"none\";for(i=0;i<a.length;i++)s=a[i],e.source===s.contentWindow&&(s.removeAttribute(\"style\"),\"height\"===t.message?(1e3<(r=parseInt(t.value,10))?r=1e3:~~r<200&&(r=200),s.height=r):\"link\"===t.message&&(r=new URL(s.getAttribute(\"src\")),n=new URL(t.value),c.test(n.protocol))&&n.host===r.host&&l.activeElement===s&&(d.top.location.href=t.value))}},d.addEventListener(\"message\",d.wp.receiveEmbedMessage,!1),l.addEventListener(\"DOMContentLoaded\",function(){for(var e,t,s=l.querySelectorAll(\"iframe.wp-embedded-content\"),r=0;r<s.length;r++)(t=(e=s[r]).getAttribute(\"data-secret\"))||(t=Math.random().toString(36).substring(2,12),e.src+=\"#?secret=\"+t,e.setAttribute(\"data-secret\",t)),e.contentWindow.postMessage({message:\"ready\",secret:t},\"*\")},!1)))}(window,document);\n\/\/# sourceURL=https:\/\/wolfgroup.rktv.ee\/lt\/wp-includes\/js\/wp-embed.min.js\n\/* ]]> *\/\n<\/script>\n","thumbnail_url":"https:\/\/wolfgroup.rktv.ee\/lt\/wp-content\/uploads\/sites\/12\/2022\/05\/232A7710-scaled.jpg","thumbnail_width":2560,"thumbnail_height":1707,"description":"Gruod\u017eio 3 dien\u0105 \u012fvyko svarbiausias met\u0173 renginys grup\u0117s gamybos padaliniams ir pardavim\u0173 \u012fmon\u0117ms \u2013 \u201eWolf Group Annual Conference 2020\u201c, kuri per pastaruosius vienuolika met\u0173 tapo i\u0161skirtiniu tarptautiniu renginiu. Pirm\u0105 kart\u0105 susitikimas buvo surengtas kaip vaizdo konferencija, \u012f kuri\u0105 susirinko dalyviai i\u0161 23 pasaulio \u0161ali\u0173. Konferencij\u0105 prad\u0117jo Wolf Group \u012fk\u016br\u0117jas ir valdybos narys Jaan Puusaag, pripa\u017ein\u0119s, [&hellip;]"}